{"id":728,"date":"2025-11-14T19:47:59","date_gmt":"2025-11-14T19:47:59","guid":{"rendered":"http:\/\/anyksciuvb-app.local\/?post_type=projektas&#038;p=728"},"modified":"2026-03-05T21:16:53","modified_gmt":"2026-03-05T21:16:53","slug":"sensoriniai-skaitymai-silas-bunda","status":"publish","type":"projektas","link":"https:\/\/anyksciuvb.coded.lt\/en\/projektas\/sensoriniai-skaitymai-silas-bunda\/","title":{"rendered":"Sensoriniai skaitymai \u201e\u0160ilas bunda\u201c"},"content":{"rendered":"<p class=\"p1\">Anyk\u0161\u010di\u0173 rajono L. ir S. Did\u017eiuli\u0173 vie\u0161oji biblioteka organizuos sensorini\u0173 skaitym\u0173 program\u0105 vaikams su specialiaisiais poreikiais, \u012fskaitant autizmo spektro sutrikimus, kalbos ir komunikacijos sunkumus. Programa, paremta A. Baranausko k\u016briniais \u201e\u0160ilas nubunda\u201c ir \u201eAnyk\u0161\u010di\u0173 \u0161ilelis\u201c, skatins vaik\u0173 kognityvinius ir socialinius \u012fg\u016bd\u017eius. Kuriant programas dalyvaus logopedai, pedagogai, psichologai. Veiklos apims sensorinius skaitymus ir k\u016brybines dirbtuves ir prisid\u0117s prie \u012ftraukiojo ugdymo ir bibliotekos prieinamumo pl\u0117tros.<\/p>\n<p><img decoding=\"async\" src=\"https:\/\/anyksciuvb.coded.lt\/wp-content\/uploads\/2026\/03\/Silas-bunda-2000-x-1300-piks.webp\" alt=\"\u0160ilas bunda\" \/><\/p>\n<div class=\"inline-flex-container\">\n<div><img decoding=\"async\" style=\"width: 100%; height: auto; display: block;\" src=\"https:\/\/anyksciuvb.coded.lt\/wp-content\/uploads\/2026\/03\/Silas-bunda-940x700-1.webp\" alt=\"\u0160ilas bunda\" \/><\/div>\n<div>\n<h3 class=\"elementor-heading-title\">Sensoriniai skaitymai \u201e\u0160ilas bunda\u201c<\/h3>\n<p>Sensorinio skaitymo metu vaikai klausosi Antano Baranausko pasakos<br \/>\n\u201e\u0160ilas nubunda\u201c ir susipa\u017e\u012fsta su Lietuvos mi\u0161kuose augan\u010dia augmenija<br \/>\nir gyv\u016bnija per lyt\u0117jim\u0105, kvapus, garsus. Diskutuojama apie meil\u0119<br \/>\ngamtai ir apie tai, kaip ja galime pasir\u016bpinti kiekvienas.<br \/>\nKuo kvepia mi\u0161kas? Ar u\u017euodi samanas? Ar i\u0161dr\u012fsi paglostyti vilk\u0105?<br \/>\nAr \u0161velnus lap\u0117s kailis? Kaip \u010diulba vieversys? O kokia lak\u0161tingalos<br \/>\ngiesm\u0117?<br \/>\nEdukacin\u0117 programa skirta prie\u0161mokyklinio ir jaunesnio mokyklinio<br \/>\nam\u017eiaus vaikams.<\/p>\n<\/div>\n<\/div>\n<p>&nbsp;<\/p>\n<div class=\"inline-flex-container\">\n<div><img decoding=\"async\" style=\"width: 100%; height: auto; display: block;\" src=\"https:\/\/anyksciuvb.coded.lt\/wp-content\/uploads\/2026\/03\/Silas-bunda-5.webp\" alt=\"\u0160ilelio eil\u0117s\" \/><\/div>\n<div>\n<h3 class=\"elementor-heading-title\">Sensoriniai skaitymai \u201e\u0160ilelio eil\u0117s\u201c<\/h3>\n<p>K\u016brybin\u0117s edukacijos metu vaikai skaito Antano Baranausko pasak\u0105 \u201e\u0160ilas nubunda\u201c ir pasineria \u012f literat\u016bros, kvap\u0173, k\u016brybos ir bendradarbiavimo nuotyk\u012f.<\/p>\n<p>K\u0105 pamatysime tavo mi\u0161ke? Srauni\u0105 up\u0119? Smals\u0173 barsuk\u0105? \u010ciobreliais kvepian\u010di\u0105 piev\u0105? Ar i\u0161girsime lak\u0161tingalos giesm\u0119? O gal pel\u0117dos \u016bbavim\u0105?<\/p>\n<p>Edukacin\u0117 programa skirta jaunesnio mokyklinio am\u017eiaus vaikams.<\/p>\n<\/div>\n<\/div>\n<p>&nbsp;<\/p>\n<div class=\"inline-flex-container\">\n<div><img decoding=\"async\" style=\"width: 100%; height: auto; display: block;\" src=\"https:\/\/anyksciuvb.coded.lt\/wp-content\/uploads\/2026\/03\/Silas-bunda-2.webp\" alt=\"A\u0161 ir \u0161ilas\" \/><\/div>\n<div>\n<h3 class=\"elementor-heading-title\">Ry\u0161io su gamta edukacija \u201eA\u0161 ir \u0161ilas\u201c<\/h3>\n<p>Edukacijos metu vaikai kvie\u010diami stabtel\u0117ti ir atrasti ry\u0161\u012f su gamta. Jaukioje, mi\u0161ku kvepian\u010dioje aplinkoje mokiniai tyrin\u0117ja Antano Baranausko pasak\u0105 \u201e\u0160ilas nubunda\u201c ir analizuoja savo santyk\u012f su aplinka, gamta ir gyv\u016bnija.<\/p>\n<p>Kaip jau\u010diuosi b\u016bdamas gamtoje? K\u0105 a\u0161 duodu gamtai? Kaip galiu ja r\u016bpintis? K\u0105 galiu padaryti \u0161iandien prisid\u0117damas prie tvarumo ir gamtos saugojimo?<\/p>\n<p>Edukacin\u0117 programa skirta 8\u201312 m. vaikams.<\/p>\n<\/div>\n<\/div>\n<p>&nbsp;<\/p>\n<div class=\"inline-flex-container\">\n<div><img decoding=\"async\" style=\"width: 100%; height: auto; display: block;\" src=\"https:\/\/anyksciuvb.coded.lt\/wp-content\/uploads\/2026\/03\/Silas-bunda-3.webp\" alt=\"\u0160ilo detektyvas\" \/><\/div>\n<div>\n<h3 class=\"elementor-heading-title\">K\u016brybin\u0117 edukacija \u201e\u0160ilo detektyvas\u201c<\/h3>\n<p>Tai \u017eaisminga ir vaizduot\u0119 lavinanti edukacija, kurioje A. Baranausko pasaka \u201e\u0160ilas nubunda\u201c atgyja netik\u0117tu kampu. Dalyviai kvie\u010diami \u012f mi\u0161ko pasaul\u012f pa\u017evelgti tarsi \u012f paslapting\u0105 byl\u0105: grupel\u0117mis jie traukia daiktus, kurie tampa detektyvinio pasakojimo elementu \u2013 \u012fkal\u010diu, auka, \u012ftariamuoju ar aplinkybe.<\/p>\n<p>Ar sugeb\u0117si i\u0161spr\u0119sti byl\u0105 ir pri\u010diupti nenaud\u0117l\u012f?<\/p>\n<p>Edukacin\u0117 programa skirta 9\u201313 m. vaikams.<\/p>\n<\/div>\n<\/div>\n<p>&nbsp;<br \/>\n<span data-contrast=\"auto\">Istorij\u0173 dvarelyje suformuota u\u017esi\u0117mimams pritaikyta sensorin\u0117 erdv\u0117, pripildyta \u0161vies\u0173, gars\u0173 ir gamtos element\u0173. Bibliotekoje vaikus pasitiks trimat\u0117 garsin\u0117 instaliacija su mi\u0161ko o\u0161imu ir pauk\u0161\u010di\u0173 balsais, burbuliuojan\u010dios lempos, \u0161vie\u010diantys stalai ir \u0161viesos kubai. Erdvioje, mink\u0161tais baldais apr\u016bpintoje aplinkoje jie gal\u0117s liesti kankor\u0117\u017eius, lapus, samanas, akmenukus, \u017eaisti lavinamaisiais \u017eaislais, u\u017euosti eterini\u0173 aliej\u0173 kvapus ir per poj\u016b\u010dius pasinerti \u012f literat\u016brin\u012f gamtos pasaul\u012f. Priemon\u0117s lengvai perkonstruojamos, tod\u0117l ta pati erdv\u0117 nuolat prisitaikys prie skirtingo am\u017eiaus, sensorini\u0173 poreiki\u0173 ar grupi\u0173 dyd\u017eio.<\/span><span data-ccp-props=\"{}\">\u00a0<\/span><\/p>\n<p><span data-contrast=\"auto\">Programos \u201e\u0160ilas bunda\u201c u\u017esi\u0117mimai skatina kalbin\u012f aktyvum\u0105, emocin\u012f s\u0105moningum\u0105, k\u016brybin\u0119 dr\u0105s\u0105, ekologin\u012f m\u0105stym\u0105 ir tarpusavio bendradarbiavim\u0105. Taip kuriama gyva, lanksti ir patyrimin\u0117 skaitymo kult\u016bra, kurioje kiekvienas vaikas gali atrasti savo b\u016bd\u0105 pa\u017einti literat\u016br\u0105 \u2013 \u017eaisdamas, jausdamas, kurdamas ir steb\u0117damas gamtos pasaul\u012f.<\/span><span data-ccp-props=\"{}\">\u00a0<\/span><\/p>\n<p><span data-contrast=\"auto\">Kvie\u010diame dar\u017eeli\u0173 grupes, klases, vaik\u0173 grupes registruotis ir i\u0161bandyti \u0161iuos naujus \u201e\u0160ilas bunda\u201c u\u017esi\u0117mimus: sensorinius skaitymus \u201e\u0160ilas bunda\u201d (4\u20136 m.),\u00a0 k\u016brybin\u0119 edukacij\u0105 \u201e\u0160ilelio eil\u0117s\u201c (6\u201310 m.), ry\u0161io su gamta edukacij\u0105 \u201eA\u0161 ir \u0161ilas\u201c (8\u201312 m.) ir k\u016brybin\u0119 edukacij\u0105 \u201e\u0160ilo detektyvas\u201c (9\u201313 m.).<\/span><span data-ccp-props=\"{}\">\u00a0<\/span><\/p>\n<p><span data-contrast=\"auto\">Projekt\u0105 finansuoja Lietuvos kult\u016bros taryba ir Anyk\u0161\u010di\u0173 rajono savivaldyb\u0117.<\/span><span data-ccp-props=\"{}\">\u00a0<\/span><\/p>\n<p><span data-contrast=\"auto\">Anyk\u0161\u010di\u0173 L. ir S. Did\u017eiuli\u0173 vie\u0161oji biblioteka<\/span><br \/>\n<span data-contrast=\"auto\">Istorij\u0173 dvarelis (Paupio g. 10 Anyk\u0161\u010diai)<\/span><br \/>\n<a href=\"mailto:istoriju.dvarelis@anyksciuvb.lt\"><span data-contrast=\"none\">istoriju.dvarelis@anyksciuvb.lt<\/span><\/a><br \/>\n<span data-contrast=\"auto\">+370 (381) 58 107; +370 (633) 44 506<\/span><span data-ccp-props=\"{}\">\u00a0<\/span><\/p>","protected":false},"excerpt":{"rendered":"<p>Anyk\u0161\u010di\u0173 rajono L. ir S. Did\u017eiuli\u0173 vie\u0161oji biblioteka organizuos sensorini\u0173 skaitym\u0173 program\u0105 vaikams su specialiaisiais poreikiais, \u012fskaitant autizmo spektro sutrikimus, kalbos ir komunikacijos sunkumus.<\/p>","protected":false},"featured_media":1085,"template":"","meta":{"_acf_changed":false},"class_list":["post-728","projektas","type-projektas","status-publish","has-post-thumbnail","hentry"],"acf":[],"_links":{"self":[{"href":"https:\/\/anyksciuvb.coded.lt\/en\/wp-json\/wp\/v2\/projektas\/728","targetHints":{"allow":["GET"]}}],"collection":[{"href":"https:\/\/anyksciuvb.coded.lt\/en\/wp-json\/wp\/v2\/projektas"}],"about":[{"href":"https:\/\/anyksciuvb.coded.lt\/en\/wp-json\/wp\/v2\/types\/projektas"}],"wp:featuredmedia":[{"embeddable":true,"href":"https:\/\/anyksciuvb.coded.lt\/en\/wp-json\/wp\/v2\/media\/1085"}],"wp:attachment":[{"href":"https:\/\/anyksciuvb.coded.lt\/en\/wp-json\/wp\/v2\/media?parent=728"}],"curies":[{"name":"wp","href":"https:\/\/api.w.org\/{rel}","templated":true}]}}